{"id":2449,"date":"2025-03-03T12:20:57","date_gmt":"2025-03-03T11:20:57","guid":{"rendered":"https:\/\/alberguesanjosenegreira.es\/?page_id=2449"},"modified":"2025-05-22T12:10:40","modified_gmt":"2025-05-22T10:10:40","slug":"quienes_somos","status":"publish","type":"page","link":"https:\/\/alberguesanjosenegreira.es\/en\/quienes_somos\/","title":{"rendered":"Quienes somos"},"content":{"rendered":"\t\t<div data-elementor-type=\"wp-page\" data-elementor-id=\"2449\" class=\"elementor elementor-2449\">\n\t\t\t\t\t\t<section class=\"elementor-section elementor-top-section elementor-element elementor-element-6e785a1 elementor-section-height-min-height elementor-section-full_width elementor-section-height-default elementor-section-items-middle\" data-id=\"6e785a1\" data-element_type=\"section\" data-e-type=\"section\" data-settings=\"{&quot;background_background&quot;:&quot;slideshow&quot;,&quot;background_slideshow_gallery&quot;:[{&quot;id&quot;:2525,&quot;url&quot;:&quot;https:\\\/\\\/alberguesanjosenegreira.es\\\/wp-content\\\/uploads\\\/2025\\\/05\\\/portada-quienes-somos-foto-scaled.jpg&quot;}],&quot;background_slideshow_loop&quot;:&quot;yes&quot;,&quot;background_slideshow_slide_duration&quot;:5000,&quot;background_slideshow_slide_transition&quot;:&quot;fade&quot;,&quot;background_slideshow_transition_duration&quot;:500}\">\n\t\t\t\t\t\t\t<div class=\"elementor-background-overlay\"><\/div>\n\t\t\t\t\t\t\t<div class=\"elementor-container elementor-column-gap-default\">\n\t\t\t\t\t<div class=\"elementor-column elementor-col-100 elementor-top-column elementor-element elementor-element-696ff69\" data-id=\"696ff69\" data-element_type=\"column\" data-e-type=\"column\">\n\t\t\t<div class=\"elementor-widget-wrap\">\n\t\t\t\t\t\t\t<\/div>\n\t\t<\/div>\n\t\t\t\t\t<\/div>\n\t\t<\/section>\n\t\t<div class=\"elementor-element elementor-element-238e329 e-flex e-con-boxed e-con e-parent\" data-id=\"238e329\" data-element_type=\"container\" data-e-type=\"container\">\n\t\t\t\t\t<div class=\"e-con-inner\">\n\t\t\t\t<div class=\"elementor-element elementor-element-502cd4e elementor-widget elementor-widget-heading\" data-id=\"502cd4e\" data-element_type=\"widget\" data-e-type=\"widget\" data-widget_type=\"heading.default\">\n\t\t\t\t<div class=\"elementor-widget-container\">\n\t\t\t\t\t<h1 class=\"elementor-heading-title elementor-size-default\">QUIENES SOMOS<\/h1>\t\t\t\t<\/div>\n\t\t\t\t<\/div>\n\t\t\t\t\t<\/div>\n\t\t\t\t<\/div>\n\t\t<div class=\"elementor-element elementor-element-8485615 e-flex e-con-boxed e-con e-parent\" data-id=\"8485615\" data-element_type=\"container\" data-e-type=\"container\">\n\t\t\t\t\t<div class=\"e-con-inner\">\n\t\t\t\t<div class=\"elementor-element elementor-element-32d7a2a elementor-widget elementor-widget-text-editor\" data-id=\"32d7a2a\" data-element_type=\"widget\" data-e-type=\"widget\" data-widget_type=\"text-editor.default\">\n\t\t\t\t<div class=\"elementor-widget-container\">\n\t\t\t\t\t\t\t\t\t<p><b>Albergue Tur\u00edstico San Jos\u00e9<\/b> esta situado a 21 Km de Santiago de Compostela, en <b>Negreira, A Coru\u00f1a<\/b>.\u00a0<\/p><p>Fue inaugurado en el a\u00f1o 2010, por los hermanos Vieito: Ricardo, Juan, Jes\u00fas y Jos\u00e9 A. Con la intenci\u00f3n de dar descanso a los peregrinos , que vienen de muchos lugares de toda la tierra y a menudo nos visitan, para hacer el camino desde Santiago-Finisterre-Muxia. Camino este de nuestros antepasados y de la muy antigua historia (Finisterrae, fin de la tierra), y de los Castre\u00f1os (pre-rom\u00e1nicos , antiguos habitantes de Galicia) Romanos y Cristianos, plagado de historias y rutas todav\u00eda en estudios permanentes.<\/p><p>Para hacer el camino damos un par de consejos a los peregrinos que hagan el camino de Santiago- Finisterre y no est\u00e9n muy fuertes caminando, es el de hacer el camino en 4 d\u00edas:<br \/>&#8211; 1\u00aa Etapa Santiago \u2013 Negreira 21 km.<br \/>&#8211; 2\u00aa Etapa Negreira \u2013 Santa Mari\u00f1a 21 Km.<br \/>&#8211; 3\u00aa Etapa Santa Mari\u00f1a \u2013 Cee 28 Km.<br \/>&#8211; 4\u00aa Etapa Cee \u2013 Faro de Finisterre 18 Km.<br \/>&#8211; Prolongaci\u00f3n a Muxia , Finisterre \u2013 Muxia 30 Km.<\/p><p>Y para los peregrinos que est\u00e9n mas fuertes , se puede hacer en 3 d\u00edas:<br \/>1\u00aa Etapa Santiago \u2013 Negreira 21 Km.<br \/>2\u00aa Etapa Negreira \u2013 Olveiroa 34 Km.<br \/>3\u00aa Etapa Olveiroa \u2013 Faro de Finisterre 33 Km.<\/p><p>Tambi\u00e9n nos podemos encargar de transportar la mochila , para que no se haga tan duro y tan inc\u00f3modo caminar , el precio del transporte es de 5 Euros de una etapa a la otra. Se recogen despu\u00e9s de la salida del peregrino de donde hayan dormido y se dejan en el albergue, donde tenga la pr\u00f3xima parada reservada.<\/p><p>Nuestro Albergue tambi\u00e9n es adecuado para los turistas que deseen pasar unos d\u00edas de descanso muy cerca de la costa gallega , contemplando y disfrutando de paisajes, playas, r\u00edos, r\u00edas, monumentos, gastronom\u00eda\u2026 a un precio muy econ\u00f3mico.<\/p><p>Con un tiempo m\u00e1ximo de entre 15 y 60 minutos, en coche \u00f3 autob\u00fas, podr\u00e1n recorrer los puntos mas importantes de nuestras tierras y costas de la provincia de la Coru\u00f1a.<\/p><p>Ejemplos de algunos lugares:<br \/>Santiago de Compostela, A Coru\u00f1a, Riveira, Boiro, Porto do Son, Noia, Esteiro, Muros, Carnota, Cee, Finisterre, Muxia, Camari\u00f1as, Ponte do Porto, Malpica\u2026<\/p><p><strong>BU\u00c9N CAMINO<\/strong><\/p>\t\t\t\t\t\t\t\t<\/div>\n\t\t\t\t<\/div>\n\t\t\t\t\t<\/div>\n\t\t\t\t<\/div>\n\t\t\t\t<\/div>\n\t\t","protected":false},"excerpt":{"rendered":"<p>QUIENES SOMOS Albergue Tur\u00edstico San Jos\u00e9 esta situado a 21 Km de Santiago de Compostela, en Negreira, A Coru\u00f1a.\u00a0 Fue inaugurado en el a\u00f1o 2010, por los hermanos Vieito: Ricardo, Juan, Jes\u00fas y Jos\u00e9 A. Con la intenci\u00f3n de dar descanso a los peregrinos , que vienen de muchos lugares de toda la tierra y&hellip;&nbsp;<a href=\"https:\/\/alberguesanjosenegreira.es\/en\/quienes_somos\/\" rel=\"bookmark\">Read More &raquo;<span class=\"screen-reader-text\">Quienes somos<\/span><\/a><\/p>","protected":false},"author":1,"featured_media":2503,"parent":0,"menu_order":0,"comment_status":"closed","ping_status":"closed","template":"","meta":{"neve_meta_sidebar":"","neve_meta_container":"full-width","neve_meta_enable_content_width":"off","neve_meta_content_width":100,"neve_meta_title_alignment":"","neve_meta_author_avatar":"","neve_post_elements_order":"","neve_meta_disable_header":"off","neve_meta_disable_footer":"","neve_meta_disable_title":"on","neve_meta_reading_time":"","_ti_tpc_template_sync":false,"_ti_tpc_template_id":"","footnotes":""},"class_list":["post-2449","page","type-page","status-publish","has-post-thumbnail","hentry"],"yoast_head":"<!-- This site is optimized with the Yoast SEO plugin v27.2 - https:\/\/yoast.com\/product\/yoast-seo-wordpress\/ -->\n<title>Quienes somos - Albergue San Jos\u00e9<\/title>\n<meta name=\"description\" content=\"Desde 2010 dando descanso a los peregrinos , que nos visitan, para hacer el camino desde Santiago-Finisterre-Muxia.\" \/>\n<meta name=\"robots\" content=\"index, follow, max-snippet:-1, max-image-preview:large, max-video-preview:-1\" \/>\n<link rel=\"canonical\" href=\"https:\/\/alberguesanjosenegreira.es\/en\/quienes_somos\/\" \/>\n<meta property=\"og:locale\" content=\"en_GB\" \/>\n<meta property=\"og:type\" content=\"article\" \/>\n<meta property=\"og:title\" content=\"Quienes somos - Albergue San Jos\u00e9\" \/>\n<meta property=\"og:description\" content=\"Desde 2010 dando descanso a los peregrinos , que nos visitan, para hacer el camino desde Santiago-Finisterre-Muxia.\" \/>\n<meta property=\"og:url\" content=\"https:\/\/alberguesanjosenegreira.es\/en\/quienes_somos\/\" \/>\n<meta property=\"og:site_name\" content=\"Albergue San Jos\u00e9\" \/>\n<meta property=\"article:modified_time\" content=\"2025-05-22T10:10:40+00:00\" \/>\n<meta property=\"og:image\" content=\"https:\/\/alberguesanjosenegreira.es\/wp-content\/uploads\/2025\/03\/Diseno-sin-titulo.png\" \/>\n\t<meta property=\"og:image:width\" content=\"320\" \/>\n\t<meta property=\"og:image:height\" content=\"320\" \/>\n\t<meta property=\"og:image:type\" content=\"image\/png\" \/>\n<meta name=\"twitter:card\" content=\"summary_large_image\" \/>\n<meta name=\"twitter:label1\" content=\"Estimated reading time\" \/>\n\t<meta name=\"twitter:data1\" content=\"2 minutes\" \/>\n<script type=\"application\/ld+json\" class=\"yoast-schema-graph\">{\"@context\":\"https:\/\/schema.org\",\"@graph\":[{\"@type\":\"WebPage\",\"@id\":\"https:\/\/alberguesanjosenegreira.es\/quienes_somos\/\",\"url\":\"https:\/\/alberguesanjosenegreira.es\/quienes_somos\/\",\"name\":\"Quienes somos - Albergue San Jos\u00e9\",\"isPartOf\":{\"@id\":\"https:\/\/alberguesanjosenegreira.es\/#website\"},\"primaryImageOfPage\":{\"@id\":\"https:\/\/alberguesanjosenegreira.es\/quienes_somos\/#primaryimage\"},\"image\":{\"@id\":\"https:\/\/alberguesanjosenegreira.es\/quienes_somos\/#primaryimage\"},\"thumbnailUrl\":\"https:\/\/alberguesanjosenegreira.es\/wp-content\/uploads\/2025\/03\/Diseno-sin-titulo.png\",\"datePublished\":\"2025-03-03T11:20:57+00:00\",\"dateModified\":\"2025-05-22T10:10:40+00:00\",\"description\":\"Desde 2010 dando descanso a los peregrinos , que nos visitan, para hacer el camino desde Santiago-Finisterre-Muxia.\",\"breadcrumb\":{\"@id\":\"https:\/\/alberguesanjosenegreira.es\/quienes_somos\/#breadcrumb\"},\"inLanguage\":\"en-GB\",\"potentialAction\":[{\"@type\":\"ReadAction\",\"target\":[\"https:\/\/alberguesanjosenegreira.es\/quienes_somos\/\"]}]},{\"@type\":\"ImageObject\",\"inLanguage\":\"en-GB\",\"@id\":\"https:\/\/alberguesanjosenegreira.es\/quienes_somos\/#primaryimage\",\"url\":\"https:\/\/alberguesanjosenegreira.es\/wp-content\/uploads\/2025\/03\/Diseno-sin-titulo.png\",\"contentUrl\":\"https:\/\/alberguesanjosenegreira.es\/wp-content\/uploads\/2025\/03\/Diseno-sin-titulo.png\",\"width\":320,\"height\":320},{\"@type\":\"BreadcrumbList\",\"@id\":\"https:\/\/alberguesanjosenegreira.es\/quienes_somos\/#breadcrumb\",\"itemListElement\":[{\"@type\":\"ListItem\",\"position\":1,\"name\":\"Portada\",\"item\":\"https:\/\/alberguesanjosenegreira.es\/\"},{\"@type\":\"ListItem\",\"position\":2,\"name\":\"Quienes somos\"}]},{\"@type\":\"WebSite\",\"@id\":\"https:\/\/alberguesanjosenegreira.es\/#website\",\"url\":\"https:\/\/alberguesanjosenegreira.es\/\",\"name\":\"AT Negreira no Cami\u00f1o\",\"description\":\"Albergue San Jos\u00e9\",\"publisher\":{\"@id\":\"https:\/\/alberguesanjosenegreira.es\/#organization\"},\"potentialAction\":[{\"@type\":\"SearchAction\",\"target\":{\"@type\":\"EntryPoint\",\"urlTemplate\":\"https:\/\/alberguesanjosenegreira.es\/?s={search_term_string}\"},\"query-input\":{\"@type\":\"PropertyValueSpecification\",\"valueRequired\":true,\"valueName\":\"search_term_string\"}}],\"inLanguage\":\"en-GB\"},{\"@type\":\"Organization\",\"@id\":\"https:\/\/alberguesanjosenegreira.es\/#organization\",\"name\":\"AT Negreira no Cami\u00f1o\",\"url\":\"https:\/\/alberguesanjosenegreira.es\/\",\"logo\":{\"@type\":\"ImageObject\",\"inLanguage\":\"en-GB\",\"@id\":\"https:\/\/alberguesanjosenegreira.es\/#\/schema\/logo\/image\/\",\"url\":\"https:\/\/alberguesanjosenegreira.es\/wp-content\/uploads\/2024\/06\/DSC07749-HDR-scaled.jpg\",\"contentUrl\":\"https:\/\/alberguesanjosenegreira.es\/wp-content\/uploads\/2024\/06\/DSC07749-HDR-scaled.jpg\",\"width\":2560,\"height\":1707,\"caption\":\"AT Negreira no Cami\u00f1o\"},\"image\":{\"@id\":\"https:\/\/alberguesanjosenegreira.es\/#\/schema\/logo\/image\/\"}}]}<\/script>\n<!-- \/ Yoast SEO plugin. -->","yoast_head_json":{"title":"Quienes somos - Albergue San Jos\u00e9","description":"Desde 2010 dando descanso a los peregrinos , que nos visitan, para hacer el camino desde Santiago-Finisterre-Muxia.","robots":{"index":"index","follow":"follow","max-snippet":"max-snippet:-1","max-image-preview":"max-image-preview:large","max-video-preview":"max-video-preview:-1"},"canonical":"https:\/\/alberguesanjosenegreira.es\/en\/quienes_somos\/","og_locale":"en_GB","og_type":"article","og_title":"Quienes somos - Albergue San Jos\u00e9","og_description":"Desde 2010 dando descanso a los peregrinos , que nos visitan, para hacer el camino desde Santiago-Finisterre-Muxia.","og_url":"https:\/\/alberguesanjosenegreira.es\/en\/quienes_somos\/","og_site_name":"Albergue San Jos\u00e9","article_modified_time":"2025-05-22T10:10:40+00:00","og_image":[{"width":320,"height":320,"url":"https:\/\/alberguesanjosenegreira.es\/wp-content\/uploads\/2025\/03\/Diseno-sin-titulo.png","type":"image\/png"}],"twitter_card":"summary_large_image","twitter_misc":{"Estimated reading time":"2 minutes"},"schema":{"@context":"https:\/\/schema.org","@graph":[{"@type":"WebPage","@id":"https:\/\/alberguesanjosenegreira.es\/quienes_somos\/","url":"https:\/\/alberguesanjosenegreira.es\/quienes_somos\/","name":"Quienes somos - Albergue San Jos\u00e9","isPartOf":{"@id":"https:\/\/alberguesanjosenegreira.es\/#website"},"primaryImageOfPage":{"@id":"https:\/\/alberguesanjosenegreira.es\/quienes_somos\/#primaryimage"},"image":{"@id":"https:\/\/alberguesanjosenegreira.es\/quienes_somos\/#primaryimage"},"thumbnailUrl":"https:\/\/alberguesanjosenegreira.es\/wp-content\/uploads\/2025\/03\/Diseno-sin-titulo.png","datePublished":"2025-03-03T11:20:57+00:00","dateModified":"2025-05-22T10:10:40+00:00","description":"Desde 2010 dando descanso a los peregrinos , que nos visitan, para hacer el camino desde Santiago-Finisterre-Muxia.","breadcrumb":{"@id":"https:\/\/alberguesanjosenegreira.es\/quienes_somos\/#breadcrumb"},"inLanguage":"en-GB","potentialAction":[{"@type":"ReadAction","target":["https:\/\/alberguesanjosenegreira.es\/quienes_somos\/"]}]},{"@type":"ImageObject","inLanguage":"en-GB","@id":"https:\/\/alberguesanjosenegreira.es\/quienes_somos\/#primaryimage","url":"https:\/\/alberguesanjosenegreira.es\/wp-content\/uploads\/2025\/03\/Diseno-sin-titulo.png","contentUrl":"https:\/\/alberguesanjosenegreira.es\/wp-content\/uploads\/2025\/03\/Diseno-sin-titulo.png","width":320,"height":320},{"@type":"BreadcrumbList","@id":"https:\/\/alberguesanjosenegreira.es\/quienes_somos\/#breadcrumb","itemListElement":[{"@type":"ListItem","position":1,"name":"Portada","item":"https:\/\/alberguesanjosenegreira.es\/"},{"@type":"ListItem","position":2,"name":"Quienes somos"}]},{"@type":"WebSite","@id":"https:\/\/alberguesanjosenegreira.es\/#website","url":"https:\/\/alberguesanjosenegreira.es\/","name":"AT Negreira no Cami\u00f1o","description":"Albergue San Jos\u00e9","publisher":{"@id":"https:\/\/alberguesanjosenegreira.es\/#organization"},"potentialAction":[{"@type":"SearchAction","target":{"@type":"EntryPoint","urlTemplate":"https:\/\/alberguesanjosenegreira.es\/?s={search_term_string}"},"query-input":{"@type":"PropertyValueSpecification","valueRequired":true,"valueName":"search_term_string"}}],"inLanguage":"en-GB"},{"@type":"Organization","@id":"https:\/\/alberguesanjosenegreira.es\/#organization","name":"AT Negreira no Cami\u00f1o","url":"https:\/\/alberguesanjosenegreira.es\/","logo":{"@type":"ImageObject","inLanguage":"en-GB","@id":"https:\/\/alberguesanjosenegreira.es\/#\/schema\/logo\/image\/","url":"https:\/\/alberguesanjosenegreira.es\/wp-content\/uploads\/2024\/06\/DSC07749-HDR-scaled.jpg","contentUrl":"https:\/\/alberguesanjosenegreira.es\/wp-content\/uploads\/2024\/06\/DSC07749-HDR-scaled.jpg","width":2560,"height":1707,"caption":"AT Negreira no Cami\u00f1o"},"image":{"@id":"https:\/\/alberguesanjosenegreira.es\/#\/schema\/logo\/image\/"}}]}},"_links":{"self":[{"href":"https:\/\/alberguesanjosenegreira.es\/en\/wp-json\/wp\/v2\/pages\/2449","targetHints":{"allow":["GET"]}}],"collection":[{"href":"https:\/\/alberguesanjosenegreira.es\/en\/wp-json\/wp\/v2\/pages"}],"about":[{"href":"https:\/\/alberguesanjosenegreira.es\/en\/wp-json\/wp\/v2\/types\/page"}],"author":[{"embeddable":true,"href":"https:\/\/alberguesanjosenegreira.es\/en\/wp-json\/wp\/v2\/users\/1"}],"replies":[{"embeddable":true,"href":"https:\/\/alberguesanjosenegreira.es\/en\/wp-json\/wp\/v2\/comments?post=2449"}],"version-history":[{"count":14,"href":"https:\/\/alberguesanjosenegreira.es\/en\/wp-json\/wp\/v2\/pages\/2449\/revisions"}],"predecessor-version":[{"id":2528,"href":"https:\/\/alberguesanjosenegreira.es\/en\/wp-json\/wp\/v2\/pages\/2449\/revisions\/2528"}],"wp:featuredmedia":[{"embeddable":true,"href":"https:\/\/alberguesanjosenegreira.es\/en\/wp-json\/wp\/v2\/media\/2503"}],"wp:attachment":[{"href":"https:\/\/alberguesanjosenegreira.es\/en\/wp-json\/wp\/v2\/media?parent=2449"}],"curies":[{"name":"wp","href":"https:\/\/api.w.org\/{rel}","templated":true}]}}